{"id":106,"date":"2021-09-19T18:12:38","date_gmt":"2021-09-19T18:12:38","guid":{"rendered":"https:\/\/virtkar.fi.minunpankki.fi\/?page_id=106"},"modified":"2021-10-07T15:15:51","modified_gmt":"2021-10-07T15:15:51","slug":"asumisolot-virroilla","status":"publish","type":"page","link":"https:\/\/virtkar.fi.minunpankki.fi\/?page_id=106","title":{"rendered":"Asumisolot Virroilla"},"content":{"rendered":"\r\n<h2 class=\"wp-block-heading\">Kertomuksia ja muistitietoja Virroille saapuneiden Karjalaisten asuinoloista ja sopeutumisesta uudelle kotiseudulle<\/h2>\r\n\r\n\r\n\r\n<p>T\u00e4ss\u00e4<strong> Johannes H\u00e4rk\u00f6sen<\/strong> kertomana. L\u00e4hde: Killinkosken kyl\u00e4kirja 2005 &#8211; Killinkosken kyl\u00e4yhdistys ry<\/p>\r\n<p>ja alempana<strong> Lauri Saikkosen<\/strong> kertomana ja kuvaamana.<\/p>\r\n\r\n\r\n\r\n<figure class=\"wp-block-image size-large\"><img loading=\"lazy\" decoding=\"async\" width=\"720\" height=\"1024\" class=\"wp-image-175\" src=\"https:\/\/virtkar.fi.minunpankki.fi\/wp-content\/uploads\/2021\/09\/Johannes-Harkonen-JPG-0001-720x1024.jpg\" alt=\"\" srcset=\"https:\/\/virtkar.fi.minunpankki.fi\/wp-content\/uploads\/2021\/09\/Johannes-Harkonen-JPG-0001-720x1024.jpg 720w, https:\/\/virtkar.fi.minunpankki.fi\/wp-content\/uploads\/2021\/09\/Johannes-Harkonen-JPG-0001-211x300.jpg 211w, https:\/\/virtkar.fi.minunpankki.fi\/wp-content\/uploads\/2021\/09\/Johannes-Harkonen-JPG-0001-768x1092.jpg 768w, https:\/\/virtkar.fi.minunpankki.fi\/wp-content\/uploads\/2021\/09\/Johannes-Harkonen-JPG-0001-1080x1536.jpg 1080w, https:\/\/virtkar.fi.minunpankki.fi\/wp-content\/uploads\/2021\/09\/Johannes-Harkonen-JPG-0001-1440x2048.jpg 1440w, https:\/\/virtkar.fi.minunpankki.fi\/wp-content\/uploads\/2021\/09\/Johannes-Harkonen-JPG-0001-scaled.jpg 1800w\" sizes=\"auto, (max-width: 720px) 100vw, 720px\" \/><\/figure>\r\n\r\n\r\n\r\n<figure class=\"wp-block-image size-large\"><img loading=\"lazy\" decoding=\"async\" width=\"720\" height=\"1024\" class=\"wp-image-176\" src=\"https:\/\/virtkar.fi.minunpankki.fi\/wp-content\/uploads\/2021\/09\/Johannes-Harkonen-JPG-0002-720x1024.jpg\" alt=\"\" srcset=\"https:\/\/virtkar.fi.minunpankki.fi\/wp-content\/uploads\/2021\/09\/Johannes-Harkonen-JPG-0002-720x1024.jpg 720w, https:\/\/virtkar.fi.minunpankki.fi\/wp-content\/uploads\/2021\/09\/Johannes-Harkonen-JPG-0002-211x300.jpg 211w, https:\/\/virtkar.fi.minunpankki.fi\/wp-content\/uploads\/2021\/09\/Johannes-Harkonen-JPG-0002-768x1092.jpg 768w, https:\/\/virtkar.fi.minunpankki.fi\/wp-content\/uploads\/2021\/09\/Johannes-Harkonen-JPG-0002-1080x1536.jpg 1080w, https:\/\/virtkar.fi.minunpankki.fi\/wp-content\/uploads\/2021\/09\/Johannes-Harkonen-JPG-0002-1440x2048.jpg 1440w, https:\/\/virtkar.fi.minunpankki.fi\/wp-content\/uploads\/2021\/09\/Johannes-Harkonen-JPG-0002-scaled.jpg 1800w\" sizes=\"auto, (max-width: 720px) 100vw, 720px\" \/><\/figure>\r\n\r\n\r\n\r\n<figure class=\"wp-block-image size-large\"><img loading=\"lazy\" decoding=\"async\" width=\"720\" height=\"1024\" class=\"wp-image-177\" src=\"https:\/\/virtkar.fi.minunpankki.fi\/wp-content\/uploads\/2021\/09\/Johannes-Harkonen-JPG-0003-720x1024.jpg\" alt=\"\" srcset=\"https:\/\/virtkar.fi.minunpankki.fi\/wp-content\/uploads\/2021\/09\/Johannes-Harkonen-JPG-0003-720x1024.jpg 720w, https:\/\/virtkar.fi.minunpankki.fi\/wp-content\/uploads\/2021\/09\/Johannes-Harkonen-JPG-0003-211x300.jpg 211w, https:\/\/virtkar.fi.minunpankki.fi\/wp-content\/uploads\/2021\/09\/Johannes-Harkonen-JPG-0003-768x1092.jpg 768w, https:\/\/virtkar.fi.minunpankki.fi\/wp-content\/uploads\/2021\/09\/Johannes-Harkonen-JPG-0003-1080x1536.jpg 1080w, https:\/\/virtkar.fi.minunpankki.fi\/wp-content\/uploads\/2021\/09\/Johannes-Harkonen-JPG-0003-1440x2048.jpg 1440w, https:\/\/virtkar.fi.minunpankki.fi\/wp-content\/uploads\/2021\/09\/Johannes-Harkonen-JPG-0003-scaled.jpg 1800w\" sizes=\"auto, (max-width: 720px) 100vw, 720px\" \/><\/figure>\r\n\r\n\r\n\r\n<figure class=\"wp-block-image size-large\"><img loading=\"lazy\" decoding=\"async\" width=\"720\" height=\"1024\" class=\"wp-image-178\" src=\"https:\/\/virtkar.fi.minunpankki.fi\/wp-content\/uploads\/2021\/09\/Johannes-Harkonen-JPG-0004-720x1024.jpg\" alt=\"\" srcset=\"https:\/\/virtkar.fi.minunpankki.fi\/wp-content\/uploads\/2021\/09\/Johannes-Harkonen-JPG-0004-720x1024.jpg 720w, https:\/\/virtkar.fi.minunpankki.fi\/wp-content\/uploads\/2021\/09\/Johannes-Harkonen-JPG-0004-211x300.jpg 211w, https:\/\/virtkar.fi.minunpankki.fi\/wp-content\/uploads\/2021\/09\/Johannes-Harkonen-JPG-0004-768x1092.jpg 768w, https:\/\/virtkar.fi.minunpankki.fi\/wp-content\/uploads\/2021\/09\/Johannes-Harkonen-JPG-0004-1080x1536.jpg 1080w, https:\/\/virtkar.fi.minunpankki.fi\/wp-content\/uploads\/2021\/09\/Johannes-Harkonen-JPG-0004-1440x2048.jpg 1440w, https:\/\/virtkar.fi.minunpankki.fi\/wp-content\/uploads\/2021\/09\/Johannes-Harkonen-JPG-0004-scaled.jpg 1800w\" sizes=\"auto, (max-width: 720px) 100vw, 720px\" \/><\/figure>\r\n\r\n\r\n\r\n<figure class=\"wp-block-image size-large\"><img loading=\"lazy\" decoding=\"async\" width=\"720\" height=\"1024\" class=\"wp-image-179\" src=\"https:\/\/virtkar.fi.minunpankki.fi\/wp-content\/uploads\/2021\/09\/Johannes-Harkonen-JPG-0005-720x1024.jpg\" alt=\"\" srcset=\"https:\/\/virtkar.fi.minunpankki.fi\/wp-content\/uploads\/2021\/09\/Johannes-Harkonen-JPG-0005-720x1024.jpg 720w, https:\/\/virtkar.fi.minunpankki.fi\/wp-content\/uploads\/2021\/09\/Johannes-Harkonen-JPG-0005-211x300.jpg 211w, https:\/\/virtkar.fi.minunpankki.fi\/wp-content\/uploads\/2021\/09\/Johannes-Harkonen-JPG-0005-768x1092.jpg 768w, https:\/\/virtkar.fi.minunpankki.fi\/wp-content\/uploads\/2021\/09\/Johannes-Harkonen-JPG-0005-1080x1536.jpg 1080w, https:\/\/virtkar.fi.minunpankki.fi\/wp-content\/uploads\/2021\/09\/Johannes-Harkonen-JPG-0005-1440x2048.jpg 1440w, https:\/\/virtkar.fi.minunpankki.fi\/wp-content\/uploads\/2021\/09\/Johannes-Harkonen-JPG-0005-scaled.jpg 1800w\" sizes=\"auto, (max-width: 720px) 100vw, 720px\" \/><\/figure>\r\n\r\n\r\n\r\n<figure class=\"wp-block-image size-large\"><img loading=\"lazy\" decoding=\"async\" width=\"720\" height=\"1024\" class=\"wp-image-180\" src=\"https:\/\/virtkar.fi.minunpankki.fi\/wp-content\/uploads\/2021\/09\/Johannes-Harkonen-JPG-0006-720x1024.jpg\" alt=\"\" srcset=\"https:\/\/virtkar.fi.minunpankki.fi\/wp-content\/uploads\/2021\/09\/Johannes-Harkonen-JPG-0006-720x1024.jpg 720w, https:\/\/virtkar.fi.minunpankki.fi\/wp-content\/uploads\/2021\/09\/Johannes-Harkonen-JPG-0006-211x300.jpg 211w, https:\/\/virtkar.fi.minunpankki.fi\/wp-content\/uploads\/2021\/09\/Johannes-Harkonen-JPG-0006-768x1092.jpg 768w, https:\/\/virtkar.fi.minunpankki.fi\/wp-content\/uploads\/2021\/09\/Johannes-Harkonen-JPG-0006-1080x1536.jpg 1080w, https:\/\/virtkar.fi.minunpankki.fi\/wp-content\/uploads\/2021\/09\/Johannes-Harkonen-JPG-0006-1440x2048.jpg 1440w, https:\/\/virtkar.fi.minunpankki.fi\/wp-content\/uploads\/2021\/09\/Johannes-Harkonen-JPG-0006-scaled.jpg 1800w\" sizes=\"auto, (max-width: 720px) 100vw, 720px\" \/><\/figure>\r\n\r\n\r\n\r\n<figure class=\"wp-block-image size-large\"><img loading=\"lazy\" decoding=\"async\" width=\"720\" height=\"1024\" class=\"wp-image-181\" src=\"https:\/\/virtkar.fi.minunpankki.fi\/wp-content\/uploads\/2021\/09\/Johannes-Harkonen-JPG-0007-720x1024.jpg\" alt=\"\" srcset=\"https:\/\/virtkar.fi.minunpankki.fi\/wp-content\/uploads\/2021\/09\/Johannes-Harkonen-JPG-0007-720x1024.jpg 720w, https:\/\/virtkar.fi.minunpankki.fi\/wp-content\/uploads\/2021\/09\/Johannes-Harkonen-JPG-0007-211x300.jpg 211w, https:\/\/virtkar.fi.minunpankki.fi\/wp-content\/uploads\/2021\/09\/Johannes-Harkonen-JPG-0007-768x1092.jpg 768w, https:\/\/virtkar.fi.minunpankki.fi\/wp-content\/uploads\/2021\/09\/Johannes-Harkonen-JPG-0007-1080x1536.jpg 1080w, https:\/\/virtkar.fi.minunpankki.fi\/wp-content\/uploads\/2021\/09\/Johannes-Harkonen-JPG-0007-1440x2048.jpg 1440w, https:\/\/virtkar.fi.minunpankki.fi\/wp-content\/uploads\/2021\/09\/Johannes-Harkonen-JPG-0007-scaled.jpg 1800w\" sizes=\"auto, (max-width: 720px) 100vw, 720px\" \/><\/figure>\r\n\r\n\r\n\r\n<figure class=\"wp-block-image size-full is-resized\"><img loading=\"lazy\" decoding=\"async\" class=\"wp-image-182\" src=\"https:\/\/virtkar.fi.minunpankki.fi\/wp-content\/uploads\/2021\/09\/Talojen-kuva.jpg\" alt=\"\" width=\"720\" height=\"998\" srcset=\"https:\/\/virtkar.fi.minunpankki.fi\/wp-content\/uploads\/2021\/09\/Talojen-kuva.jpg 462w, https:\/\/virtkar.fi.minunpankki.fi\/wp-content\/uploads\/2021\/09\/Talojen-kuva-217x300.jpg 217w\" sizes=\"auto, (max-width: 720px) 100vw, 720px\" \/><\/figure>\r\n<p>&nbsp;<\/p>\r\n<h1 style=\"text-align: center;\"><strong>***********<\/strong><\/h1>\r\n<h3>Lauri Saikkonen &#8211; ensimm\u00e4iset asuinsijat,\u00a0 evakoitujen saapuessa Killinkoskelle.<\/h3>\r\n<p align=\"left\">\u00a0<\/p>\r\n<p class=\"western\" align=\"left\"><strong><span style=\"font-size: large;\">Siirtolaisten asuttuminen tiloille v.1947 <\/span><\/strong><\/p>\r\n<p class=\"western\" align=\"left\"><span style=\"font-size: large;\"> Killinkosken ymp\u00e4rist\u00f6\u00f6n muodostettiin asutusviranomaisten toimesta\u00a0<\/span><span style=\"font-size: large;\"> 1946-1947 viljelys- ja asuntotiloja yhteens\u00e4 28 kpl.\u00a0 Vain nelj\u00e4ll\u00e4 tilalla oli jonkilainen asuinrakennus, muilla tiloilla vain mahdollisesti lato, aina ei sit\u00e4k\u00e4\u00e4n.\u00a0 Rakentamisen tarve oli valtava.\u00a0 Siirtolaisten lis\u00e4ksi muukin yhteiskunta tarvitsi rakennusten uudistamista.\u00a0 Kansakunta oli <\/span><span style=\"font-size: large;\">sodan seurauksena saanut suoritettavakseen valtavat sotakorvaukset, joi<\/span><span style=\"font-size: large;\">den tinkim\u00e4t\u00f6n suorittaminen oli itsen\u00e4isen\u00e4 kansakuntana s\u00e4ilymisen eh<\/span><span style=\"font-size: large;\">doton edellytys.\u00a0 N\u00e4in ollen kaikki se joka palveli sotakarvausten suoritta<\/span><span style=\"font-size: large;\">mista, meni kaiken muun edelle, vaikeuttaen osaltaa tilannetta.<\/span><\/p>\r\n<p class=\"western\" align=\"left\"><span style=\"font-size: large;\"> Kun tilalle oli p\u00e4\u00e4st\u00e4v\u00e4 asumaan, voitava hoitaa karjaa, raivattava peltoa,<\/span><span style=\"font-size: large;\"> oli v\u00e4ltt\u00e4m\u00e4t\u00f6nt\u00e4 ett\u00e4 asuinpaikka oli l\u00e4hell\u00e4.\u00a0 Oman asunnon sijalle ei ollut<\/span><span style=\"font-size: large;\"> vaihtoehtoja.\u00a0 T\u00e4h\u00e4n tarkoitukseen valikoitui jo koettu konsti &#8211; sauna.<\/span><\/p>\r\n<p class=\"western\" align=\"left\"><span style=\"font-size: large;\"> Rakennustarvikkeista oli valtava puute.\u00a0 Erityisesti sementti, naulat ja ikku<\/span><span style=\"font-size: large;\">nalasi olivat \u201dkiven alla\u201d. Puutetta paikattiin betonivalussa k\u00e4ytt\u00e4m\u00e4ll\u00e4 ki<\/span><span style=\"font-size: large;\">ve\u00e4 valun sis\u00e4ll\u00e4, ett\u00e4 muistutti jo muurausta.\u00a0 Naulojen puutetta helpotettiin<\/span><span style=\"font-size: large;\"> \u201dalan miesten\u201d,\u00a0 poltetusta Rovaniemest\u00e4 kootuilla ja t\u00e4nne markkinoiduilla<\/span><span style=\"font-size: large;\"> palaneilla, mutkaisilla nauloilla, joita lapset ja vanhukset takoivat suoriksi.<\/span><\/p>\r\n<p class=\"western\" align=\"left\"><span style=\"font-size: large;\"> Ikkunalasia ei pystynyt korvaamaan.\u00a0 Moni rakennus ja perhe joutui vain odot<\/span><span style=\"font-size: large;\">tamaan.\u00a0 Pieni, hirrest\u00e4 rakennettu saunarakennus soveltui t\u00e4lt\u00e4kin osin t\u00e4ytt\u00e4m\u00e4\u00e4n t\u00e4rke\u00e4\u00e4 teht\u00e4v\u00e4\u00e4ns\u00e4 siirtov\u00e4en asuttumisen historiassa.\u00a0 <\/span><span style=\"font-size: large;\">Toinen v\u00e4liaikainen keino oli rakentaa navettarakennus, josta otettiin<\/span><span style=\"font-size: large;\"> ensin asumisk\u00e4ytt\u00f6\u00f6n esim. karjakeitti\u00f6 ja talli. T\u00e4m\u00e4 oli hitaampi, enemm\u00e4n<\/span><span style=\"font-size: large;\"> rakennusty\u00f6t\u00e4 ja tarvikkeita vaativa muoto.<\/span><\/p>\r\n<p class=\"western\" align=\"left\"><span style=\"font-size: large;\"> Valtaosa Killinkoskelle asuttuneista siirtolaisista asuttui tiloilleen saunan\u00a0<\/span><span style=\"font-size: large;\"> kautta.\u00a0 Asutettavia oli perheiss\u00e4 usein isovanhemmat, aviopari ja lapset.\u00a0\u00a0<\/span><span style=\"font-size: large;\"> N\u00e4in t\u00e4ll\u00e4iseen asuinsaunaan majoittui usein nelj\u00e4 aikuista ja 2-3 lasta.\u00a0\u00a0<\/span><span style=\"font-size: large;\">Perheen koosta riippuen hirsinen l\u00e4mmin osa oli 10-15 m2 ja siihen <\/span><span style=\"font-size: large;\">liittyen lautarakenteinen \u201dpukuhuone\u201d,\u00a0 jossa olivat v\u00e4ltt\u00e4m\u00e4tt\u00f6m\u00e4t s\u00e4ily<\/span><span style=\"font-size: large;\">tystilat.\u00a0 Kiinte\u00e4\u00e4 kalustoa oli paistinuunilla varustettu hella, joka toimi <\/span><span style=\"font-size: large;\">l\u00e4mm\u00f6nl\u00e4hteen\u00e4.\u00a0 Valaistuksena oli \u00f6ljylamppu.\u00a0 S\u00e4hk\u00f6\u00e4 tiloille saatiin<\/span><span style=\"font-size: large;\"> vasta 1950 -luvun alkuvuosina.\u00a0 \u00a0Saunassa asuminen kesti yleens\u00e4 2-3 vuotta.<\/span><\/p>\r\n<p class=\"western\" align=\"left\"><span style=\"font-size: large;\"> Osa n\u00e4ist\u00e4 saunoista on purettu.\u00a0 Monta on kuitenkin viel\u00e4 j\u00e4ljell\u00e4, mutta kaikki jo muussa k\u00e4yt\u00f6ss\u00e4. Nikkarintupana, makuuaittana tai vain s\u00e4ilytetty arvokkaana historiallisena muistomerkkin\u00e4, pienen\u00e4 osana kansallista historiaamme, sen selviytymistaistelussa.<\/span><\/p>\r\n<p class=\"western\" align=\"left\"><span style=\"font-size: large;\">Lauri Saikkonen<\/span><\/p>\r\n<p align=\"left\">\u00a0<\/p>\r\n<p align=\"left\"><strong>Laurin ottamia kuvia, viel\u00e4 j\u00e4ljell\u00e4 olevista &#8211; ensimm\u00e4isist\u00e4 asuinpaikoista.<\/strong><\/p>\r\n<h6 align=\"left\"><img loading=\"lazy\" decoding=\"async\" class=\"alignnone  wp-image-318\" src=\"https:\/\/virtkar.fi.minunpankki.fi\/wp-content\/uploads\/2021\/10\/Ahokas-Matti-1-300x168.jpg\" alt=\"\" width=\"468\" height=\"262\" srcset=\"https:\/\/virtkar.fi.minunpankki.fi\/wp-content\/uploads\/2021\/10\/Ahokas-Matti-1-300x168.jpg 300w, https:\/\/virtkar.fi.minunpankki.fi\/wp-content\/uploads\/2021\/10\/Ahokas-Matti-1.jpg 640w\" sizes=\"auto, (max-width: 468px) 100vw, 468px\" \/><\/h6>\r\n<p style=\"text-align: left;\" align=\"left\">Matti ja Tyyne Ahokas<\/p>\r\n<h6 align=\"left\"><img loading=\"lazy\" decoding=\"async\" class=\"wp-image-310 alignnone\" src=\"https:\/\/virtkar.fi.minunpankki.fi\/wp-content\/uploads\/2021\/10\/Sihvonen-Tauno-300x192.jpg\" alt=\"\" width=\"470\" height=\"301\" \/><\/h6>\r\n<p align=\"left\">Tauno ja Anna-Liisa Sihvonen<\/p>\r\n<h6 align=\"left\"><img loading=\"lazy\" decoding=\"async\" class=\"alignnone  wp-image-308\" src=\"https:\/\/virtkar.fi.minunpankki.fi\/wp-content\/uploads\/2021\/10\/Koho-300x183.jpg\" alt=\"\" width=\"470\" height=\"287\" \/><\/h6>\r\n<p align=\"left\">Eino ja Olga Koho<\/p>\r\n<h6 align=\"left\"><img loading=\"lazy\" decoding=\"async\" class=\"alignnone  wp-image-307\" src=\"https:\/\/virtkar.fi.minunpankki.fi\/wp-content\/uploads\/2021\/10\/Harkonen-Pentti-300x174.jpg\" alt=\"\" width=\"467\" height=\"271\" srcset=\"https:\/\/virtkar.fi.minunpankki.fi\/wp-content\/uploads\/2021\/10\/Harkonen-Pentti-300x174.jpg 300w, https:\/\/virtkar.fi.minunpankki.fi\/wp-content\/uploads\/2021\/10\/Harkonen-Pentti.jpg 640w\" sizes=\"auto, (max-width: 467px) 100vw, 467px\" \/><\/h6>\r\n<p align=\"left\">Pentti ja Irene H\u00e4rk\u00f6nen<\/p>\r\n<h6 align=\"left\"><img loading=\"lazy\" decoding=\"async\" class=\"alignnone  wp-image-311\" src=\"https:\/\/virtkar.fi.minunpankki.fi\/wp-content\/uploads\/2021\/10\/Sihvonen-Uuno-300x168.jpg\" alt=\"\" width=\"466\" height=\"261\" \/><\/h6>\r\n<p align=\"left\">Uuno ja Aino Sihvonen<\/p>\r\n<h6 align=\"left\"><img loading=\"lazy\" decoding=\"async\" class=\"alignnone  wp-image-309\" src=\"https:\/\/virtkar.fi.minunpankki.fi\/wp-content\/uploads\/2021\/10\/Sihvonen-Johannes-300x170.jpg\" alt=\"\" width=\"466\" height=\"264\" \/><\/h6>\r\n<p align=\"left\">Johannes ja Ella Sihvonen<\/p>\r\n<p>&nbsp;<\/p>\r\n<p align=\"left\"><br \/><br \/><\/p>\r\n<p align=\"left\">\u00a0<\/p>\r\n<p>&nbsp;<\/p>\r\n<p>&nbsp;<\/p>\r\n<p>&nbsp;<\/p>\r\n","protected":false},"excerpt":{"rendered":"<p>Kertomuksia ja muistitietoja Virroille saapuneiden Karjalaisten asuinoloista ja sopeutumisesta uudelle kotiseudulle T\u00e4ss\u00e4 Johannes H\u00e4rk\u00f6sen kertomana. L\u00e4hde: Killinkosken kyl\u00e4kirja 2005 &#8211; Killinkosken kyl\u00e4yhdistys ry ja alempana Lauri&#46;&#46;&#46;<\/p>\n","protected":false},"author":1,"featured_media":0,"parent":0,"menu_order":0,"comment_status":"closed","ping_status":"closed","template":"","meta":{"footnotes":""},"class_list":["post-106","page","type-page","status-publish","hentry"],"_links":{"self":[{"href":"https:\/\/virtkar.fi.minunpankki.fi\/index.php?rest_route=\/wp\/v2\/pages\/106","targetHints":{"allow":["GET"]}}],"collection":[{"href":"https:\/\/virtkar.fi.minunpankki.fi\/index.php?rest_route=\/wp\/v2\/pages"}],"about":[{"href":"https:\/\/virtkar.fi.minunpankki.fi\/index.php?rest_route=\/wp\/v2\/types\/page"}],"author":[{"embeddable":true,"href":"https:\/\/virtkar.fi.minunpankki.fi\/index.php?rest_route=\/wp\/v2\/users\/1"}],"replies":[{"embeddable":true,"href":"https:\/\/virtkar.fi.minunpankki.fi\/index.php?rest_route=%2Fwp%2Fv2%2Fcomments&post=106"}],"version-history":[{"count":19,"href":"https:\/\/virtkar.fi.minunpankki.fi\/index.php?rest_route=\/wp\/v2\/pages\/106\/revisions"}],"predecessor-version":[{"id":305,"href":"https:\/\/virtkar.fi.minunpankki.fi\/index.php?rest_route=\/wp\/v2\/pages\/106\/revisions\/305"}],"wp:attachment":[{"href":"https:\/\/virtkar.fi.minunpankki.fi\/index.php?rest_route=%2Fwp%2Fv2%2Fmedia&parent=106"}],"curies":[{"name":"wp","href":"https:\/\/api.w.org\/{rel}","templated":true}]}}