{"id":94,"date":"2021-09-18T07:23:10","date_gmt":"2021-09-18T07:23:10","guid":{"rendered":"https:\/\/virtkar.fi.minunpankki.fi\/?page_id=94"},"modified":"2021-09-21T20:40:09","modified_gmt":"2021-09-21T20:40:09","slug":"evakoinnin-taustaa-2","status":"publish","type":"page","link":"https:\/\/virtkar.fi.minunpankki.fi\/?page_id=94","title":{"rendered":"Evakoinnin taustaa"},"content":{"rendered":"\n<h2 class=\"wp-block-heading\">Evakot ja kaatuneet<\/h2>\n\n\n\n<h3 class=\"has-medium-font-size wp-block-heading\">Evakot (Pit.hist.III:1, s. 433 ja 436-437)<\/h3>\n\n\n\n<p>Talvisodan p\u00e4\u00e4tytty\u00e4 Virroille tuli 1 200 \u2013 1 500 henkil\u00f6\u00e4 siirtokarjalaisia.<\/p>\n\n\n\n<p>Vuoden 1941 lopulla heit\u00e4 oli en\u00e4\u00e4 n. 1 000.<\/p>\n\n\n\n<p>Vuoden 1942 lopulla t\u00e4\u00e4ll\u00e4 oli vain 300 henkil\u00f6\u00e4.<\/p>\n\n\n\n<p>Vuonna 1943 heit\u00e4 oli 150, mutta t\u00e4nne sijoitettiin 150 inkeril\u00e4ist\u00e4 ja vienankarjalaista.<\/p>\n\n\n\n<p>Vuonna 1944 alkoi toinen karjalaisten muutto, joka toi lis\u00e4\u00e4 siirtolaisia niin, ett\u00e4 vuonna 1945 heit\u00e4 oli kaikkiaan 1 555 henkil\u00f6\u00e4.<\/p>\n\n\n\n<p>M\u00e4\u00e4r\u00e4 v\u00e4heni kuitenkin melko nopeasti, vuonna 1952 oli en\u00e4\u00e4 857 evakkoa, jotka olivat muuttaneet kirjansa Virroille.<\/p>\n\n\n\n<h3 class=\"has-medium-font-size wp-block-heading\">Kaatuneet (Pro Patria \u2013taulun selitekansio)<\/h3>\n\n\n\n<p>T\u00e4nne aikanaan tulleista, sotaan l\u00e4htem\u00e4\u00e4n joutuneista evakoista, kaatui 30 miest\u00e4. N\u00e4ist\u00e4 menehtyneist\u00e4 on haudattu Virroille 11 ja luovutettuun Karjalaan 19. Suoj\u00e4rvelle on haudattu seitsem\u00e4n, Valkj\u00e4rvelle kuusi ja loput kuusi muualle Karjalaan.<\/p>\n\n\n\n<p>Virroilla kahdeksan on haudattu keskustan sankarihautaan, kaksi yksityishautaan ja yksi Killinkosken yksityishautaan.<\/p>\n\n\n\n<h4 class=\"wp-block-heading\">20.3.2017<\/h4>\n\n\n\n<h4 class=\"wp-block-heading\">Pentti Jouttij\u00e4rvi<\/h4>\n\n\n\n<p><\/p>\n\n\n\n<figure class=\"wp-block-image size-full is-resized\"><a href=\"https:\/\/virtkar.fi.minunpankki.fi\/wp-content\/uploads\/2021\/09\/Karjalaan-haudatut.pdf\"><img loading=\"lazy\" decoding=\"async\" src=\"https:\/\/virtkar.fi.minunpankki.fi\/wp-content\/uploads\/2021\/09\/Karj-haudat-tunnus.jpg\" alt=\"\" class=\"wp-image-163\" width=\"136\" height=\"151\"\/><\/a><\/figure>\n\n\n\n<figure class=\"wp-block-image size-full\"><a href=\"https:\/\/virtkar.fi.minunpankki.fi\/wp-content\/uploads\/2021\/09\/Virroille-haudatut.pdf\"><img loading=\"lazy\" decoding=\"async\" width=\"137\" height=\"152\" src=\"https:\/\/virtkar.fi.minunpankki.fi\/wp-content\/uploads\/2021\/09\/Virj-haudat-tunnus.jpg\" alt=\"\" class=\"wp-image-166\"\/><\/a><\/figure>\n\n\n\n<p><\/p>\n","protected":false},"excerpt":{"rendered":"<p>Evakot ja kaatuneet Evakot (Pit.hist.III:1, s. 433 ja 436-437) Talvisodan p\u00e4\u00e4tytty\u00e4 Virroille tuli 1 200 \u2013 1 500 henkil\u00f6\u00e4 siirtokarjalaisia. Vuoden 1941 lopulla heit\u00e4 oli en\u00e4\u00e4&#46;&#46;&#46;<\/p>\n","protected":false},"author":1,"featured_media":0,"parent":0,"menu_order":0,"comment_status":"closed","ping_status":"closed","template":"","meta":{"footnotes":""},"class_list":["post-94","page","type-page","status-publish","hentry"],"_links":{"self":[{"href":"https:\/\/virtkar.fi.minunpankki.fi\/index.php?rest_route=\/wp\/v2\/pages\/94","targetHints":{"allow":["GET"]}}],"collection":[{"href":"https:\/\/virtkar.fi.minunpankki.fi\/index.php?rest_route=\/wp\/v2\/pages"}],"about":[{"href":"https:\/\/virtkar.fi.minunpankki.fi\/index.php?rest_route=\/wp\/v2\/types\/page"}],"author":[{"embeddable":true,"href":"https:\/\/virtkar.fi.minunpankki.fi\/index.php?rest_route=\/wp\/v2\/users\/1"}],"replies":[{"embeddable":true,"href":"https:\/\/virtkar.fi.minunpankki.fi\/index.php?rest_route=%2Fwp%2Fv2%2Fcomments&post=94"}],"version-history":[{"count":9,"href":"https:\/\/virtkar.fi.minunpankki.fi\/index.php?rest_route=\/wp\/v2\/pages\/94\/revisions"}],"predecessor-version":[{"id":168,"href":"https:\/\/virtkar.fi.minunpankki.fi\/index.php?rest_route=\/wp\/v2\/pages\/94\/revisions\/168"}],"wp:attachment":[{"href":"https:\/\/virtkar.fi.minunpankki.fi\/index.php?rest_route=%2Fwp%2Fv2%2Fmedia&parent=94"}],"curies":[{"name":"wp","href":"https:\/\/api.w.org\/{rel}","templated":true}]}}